{"id":1837,"date":"2022-04-14T14:21:44","date_gmt":"2022-04-14T12:21:44","guid":{"rendered":"https:\/\/grundschule-am-gut.hamburg.de\/?page_id=1837"},"modified":"2026-02-23T08:25:51","modified_gmt":"2026-02-23T07:25:51","slug":"aus-dem-nachmittag","status":"publish","type":"page","link":"https:\/\/grundschule-am-gut.hamburg.de\/?page_id=1837","title":{"rendered":"Eindr\u00fccke aus dem Nachmittag"},"content":{"rendered":"<h5>Internationaler Tag der KInderrechte<\/h5>\n<p>Am 20. November stand die Grundschule am Gut ganz im Zeichen der Kinderrechte. Im Rahmen der Nachmittagsbetreuung organisierten wir einen abwechslungsreichen Aktionstag, der die Wichtigkeit der Rechte unserer Kinder eindrucksvoll in den Mittelpunkt stellte.<\/p>\n<div id=\"metaslider-id-3244\" style=\"max-width: 600px; margin: 0 auto;\" class=\"ml-slider-3-107-0 metaslider metaslider-flex metaslider-3244 ml-slider has-dots-nav ms-theme-default-base\" role=\"region\" aria-label=\"Kinderrechte\" data-height=\"400\" data-width=\"600\">\n    <div id=\"metaslider_container_3244\">\n        <div id=\"metaslider_3244\">\n            <ul aria-live='off' class='slides'>\n                <li style=\"display: block; width: 100%;\" class=\"slide-3258 ms-image \" aria-roledescription=\"slide\" data-date=\"2025-11-25 09:59:38\" data-filename=\"image-600x400.jpeg\" data-slide-type=\"image\"><img loading=\"lazy\" decoding=\"async\" src=\"https:\/\/grundschule-am-gut.hamburg.de\/wp-content\/uploads\/sites\/232\/2025\/11\/image-600x400.jpeg\" height=\"400\" width=\"600\" alt=\"\" class=\"slider-3244 slide-3258 msDefaultImage\" title=\"image\" \/><div class=\"caption-wrap\"><div class=\"caption\"><span class=\"bsb-copyright-notice\">GBS Gut<\/span><\/div><\/div><\/li>\n                <li style=\"display: none; width: 100%;\" class=\"slide-3246 ms-image \" aria-roledescription=\"slide\" data-date=\"2025-11-25 09:53:49\" data-filename=\"DSC04706-scaled-600x400.jpg\" data-slide-type=\"image\"><img loading=\"lazy\" decoding=\"async\" src=\"https:\/\/grundschule-am-gut.hamburg.de\/wp-content\/uploads\/sites\/232\/2025\/11\/DSC04706-scaled-600x400.jpg\" height=\"400\" width=\"600\" alt=\"\" class=\"slider-3244 slide-3246 msDefaultImage\" title=\"Kinderrechte\" \/><div class=\"caption-wrap\"><div class=\"caption\"><span class=\"bsb-copyright-notice\">GBS Gut<\/span><\/div><\/div><\/li>\n                <li style=\"display: none; width: 100%;\" class=\"slide-3248 ms-image \" aria-roledescription=\"slide\" data-date=\"2025-11-25 09:57:15\" data-filename=\"DSC04726-scaled-600x400.jpg\" data-slide-type=\"image\"><img loading=\"lazy\" decoding=\"async\" src=\"https:\/\/grundschule-am-gut.hamburg.de\/wp-content\/uploads\/sites\/232\/2025\/11\/DSC04726-scaled-600x400.jpg\" height=\"400\" width=\"600\" alt=\"\" class=\"slider-3244 slide-3248 msDefaultImage\" title=\"DSC04726\" \/><div class=\"caption-wrap\"><div class=\"caption\"><span class=\"bsb-copyright-notice\">GBS Gut<\/span><\/div><\/div><\/li>\n                <li style=\"display: none; width: 100%;\" class=\"slide-3250 ms-image \" aria-roledescription=\"slide\" data-date=\"2025-11-25 09:57:36\" data-filename=\"DSC04732-600x400.jpg\" data-slide-type=\"image\"><img loading=\"lazy\" decoding=\"async\" src=\"https:\/\/grundschule-am-gut.hamburg.de\/wp-content\/uploads\/sites\/232\/2025\/11\/DSC04732-600x400.jpg\" height=\"400\" width=\"600\" alt=\"\" class=\"slider-3244 slide-3250 msDefaultImage\" title=\"DSC04732\" \/><div class=\"caption-wrap\"><div class=\"caption\"><span class=\"bsb-copyright-notice\">GBS Gut<\/span><\/div><\/div><\/li>\n                <li style=\"display: none; width: 100%;\" class=\"slide-3252 ms-image \" aria-roledescription=\"slide\" data-date=\"2025-11-25 09:58:21\" data-filename=\"DSC04749-scaled-600x400.jpg\" data-slide-type=\"image\"><img loading=\"lazy\" decoding=\"async\" src=\"https:\/\/grundschule-am-gut.hamburg.de\/wp-content\/uploads\/sites\/232\/2025\/11\/DSC04749-scaled-600x400.jpg\" height=\"400\" width=\"600\" alt=\"\" class=\"slider-3244 slide-3252 msDefaultImage\" title=\"DSC04749\" \/><div class=\"caption-wrap\"><div class=\"caption\"><span class=\"bsb-copyright-notice\">GBS Gut<\/span><\/div><\/div><\/li>\n                <li style=\"display: none; width: 100%;\" class=\"slide-3254 ms-image \" aria-roledescription=\"slide\" data-date=\"2025-11-25 09:58:46\" data-filename=\"IMG-20251121-WA0008-600x400.jpg\" data-slide-type=\"image\"><img loading=\"lazy\" decoding=\"async\" src=\"https:\/\/grundschule-am-gut.hamburg.de\/wp-content\/uploads\/sites\/232\/2025\/11\/IMG-20251121-WA0008-600x400.jpg\" height=\"400\" width=\"600\" alt=\"\" class=\"slider-3244 slide-3254 msDefaultImage\" title=\"IMG-20251121-WA0008\" \/><div class=\"caption-wrap\"><div class=\"caption\"><span class=\"bsb-copyright-notice\">GBS Gut<\/span><\/div><\/div><\/li>\n                <li style=\"display: none; width: 100%;\" class=\"slide-3261 ms-image \" aria-roledescription=\"slide\" data-date=\"2025-11-25 10:13:29\" data-filename=\"DSC04737-scaled-600x400.jpg\" data-slide-type=\"image\"><img loading=\"lazy\" decoding=\"async\" src=\"https:\/\/grundschule-am-gut.hamburg.de\/wp-content\/uploads\/sites\/232\/2025\/11\/DSC04737-scaled-600x400.jpg\" height=\"400\" width=\"600\" alt=\"\" class=\"slider-3244 slide-3261 msDefaultImage\" title=\"DSC04737\" \/><div class=\"caption-wrap\"><div class=\"caption\"><span class=\"bsb-copyright-notice\">GBS Gut<\/span><\/div><\/div><\/li>\n                <li style=\"display: none; width: 100%;\" class=\"slide-3257 ms-image \" aria-roledescription=\"slide\" data-date=\"2025-11-25 09:59:38\" data-filename=\"IMG-20251121-WA0012-600x400.jpg\" data-slide-type=\"image\"><img loading=\"lazy\" decoding=\"async\" src=\"https:\/\/grundschule-am-gut.hamburg.de\/wp-content\/uploads\/sites\/232\/2025\/11\/IMG-20251121-WA0012-600x400.jpg\" height=\"400\" width=\"600\" alt=\"\" class=\"slider-3244 slide-3257 msDefaultImage\" title=\"IMG-20251121-WA0012\" \/><div class=\"caption-wrap\"><div class=\"caption\"><span class=\"bsb-copyright-notice\">GBS Gut<\/span><\/div><\/div><\/li>\n                <li style=\"display: none; width: 100%;\" class=\"slide-3263 ms-image \" aria-roledescription=\"slide\" data-date=\"2025-11-25 10:14:50\" data-filename=\"DSC04736-scaled-600x400.jpg\" data-slide-type=\"image\"><img loading=\"lazy\" decoding=\"async\" src=\"https:\/\/grundschule-am-gut.hamburg.de\/wp-content\/uploads\/sites\/232\/2025\/11\/DSC04736-scaled-600x400.jpg\" height=\"400\" width=\"600\" alt=\"\" class=\"slider-3244 slide-3263 msDefaultImage\" title=\"DSC04736\" \/><div class=\"caption-wrap\"><div class=\"caption\"><span class=\"bsb-copyright-notice\">GBS Gut<\/span><\/div><\/div><\/li>\n                <li style=\"display: none; width: 100%;\" class=\"slide-3271 ms-image \" aria-roledescription=\"slide\" data-date=\"2025-11-25 10:21:57\" data-filename=\"IMG-20251121-WA0013-600x400.jpg\" data-slide-type=\"image\"><img loading=\"lazy\" decoding=\"async\" src=\"https:\/\/grundschule-am-gut.hamburg.de\/wp-content\/uploads\/sites\/232\/2025\/11\/IMG-20251121-WA0013-600x400.jpg\" height=\"400\" width=\"600\" alt=\"\" class=\"slider-3244 slide-3271 msDefaultImage\" title=\"IMG-20251121-WA0013\" \/><div class=\"caption-wrap\"><div class=\"caption\"><span class=\"bsb-copyright-notice\">GBS Gut<\/span><\/div><\/div><\/li>\n            <\/ul>\n        <\/div>\n        \n    <\/div>\n<\/div>\n<p>Der Nachmittag begann mit einem Austausch: Kinder und P\u00e4dagogen tauschten sich \u00fcber die zentralen Rechte aus, stellten Fragen, sammelten Gedanken und brachten individuelle Perspektiven ein. In den folgenden Phasen stand kreatives Tun im Vordergrund. Die Sch\u00fclerinnen und Sch\u00fcler gestalteten Plakate zu ihren pers\u00f6nlichen Rechten und malten Motive, die die Bedeutung von Mitbestimmung, Respekt und F\u00fcrsorge sichtbar machen. Die Ergebnisse spiegeln, wie ernsthaft sich die Kinder mit dem Thema auseinandergesetzt haben.<\/p>\n<p><em>Fotos: Dennis Kirchner, Alexandra Horner, Kirsten Cords, Julia Kronenberg, Yajaira P\u00e9rez, Leonie El-Sadek und Susanne G\u00f6tz<\/em><\/p>\n<h5 style=\"text-align: center\">******************************************************************************************<\/h5>\n<h5>Eindr\u00fccke aus den Herbstferien<\/h5>\n<p style=\"padding-left: 40px\"><img loading=\"lazy\" decoding=\"async\" class=\"wp-image-3233 alignnone\" src=\"https:\/\/grundschule-am-gut.hamburg.de\/wp-content\/uploads\/sites\/232\/2025\/11\/IMG_4811-scaled-e1762868460396-700x1024.jpeg\" alt=\"\" width=\"219\" height=\"320\" srcset=\"https:\/\/grundschule-am-gut.hamburg.de\/wp-content\/uploads\/sites\/232\/2025\/11\/IMG_4811-scaled-e1762868460396-700x1024.jpeg 700w, https:\/\/grundschule-am-gut.hamburg.de\/wp-content\/uploads\/sites\/232\/2025\/11\/IMG_4811-scaled-e1762868460396-205x300.jpeg 205w, https:\/\/grundschule-am-gut.hamburg.de\/wp-content\/uploads\/sites\/232\/2025\/11\/IMG_4811-scaled-e1762868460396-768x1123.jpeg 768w, https:\/\/grundschule-am-gut.hamburg.de\/wp-content\/uploads\/sites\/232\/2025\/11\/IMG_4811-scaled-e1762868460396-1050x1536.jpeg 1050w, https:\/\/grundschule-am-gut.hamburg.de\/wp-content\/uploads\/sites\/232\/2025\/11\/IMG_4811-scaled-e1762868460396-1400x2048.jpeg 1400w, https:\/\/grundschule-am-gut.hamburg.de\/wp-content\/uploads\/sites\/232\/2025\/11\/IMG_4811-scaled-e1762868460396.jpeg 1750w\" sizes=\"auto, (max-width: 219px) 100vw, 219px\" \/> \u00a0<img loading=\"lazy\" decoding=\"async\" class=\"wp-image-3234 alignnone\" src=\"https:\/\/grundschule-am-gut.hamburg.de\/wp-content\/uploads\/sites\/232\/2025\/11\/DSC04672-1024x683.jpg\" alt=\"\" width=\"484\" height=\"323\" srcset=\"https:\/\/grundschule-am-gut.hamburg.de\/wp-content\/uploads\/sites\/232\/2025\/11\/DSC04672-1024x683.jpg 1024w, https:\/\/grundschule-am-gut.hamburg.de\/wp-content\/uploads\/sites\/232\/2025\/11\/DSC04672-300x200.jpg 300w, https:\/\/grundschule-am-gut.hamburg.de\/wp-content\/uploads\/sites\/232\/2025\/11\/DSC04672-768x512.jpg 768w, https:\/\/grundschule-am-gut.hamburg.de\/wp-content\/uploads\/sites\/232\/2025\/11\/DSC04672-1536x1024.jpg 1536w, https:\/\/grundschule-am-gut.hamburg.de\/wp-content\/uploads\/sites\/232\/2025\/11\/DSC04672-2048x1365.jpg 2048w\" sizes=\"auto, (max-width: 484px) 100vw, 484px\" \/><\/p>\n<p style=\"padding-left: 40px\"><img loading=\"lazy\" decoding=\"async\" class=\"alignnone wp-image-3235\" src=\"https:\/\/grundschule-am-gut.hamburg.de\/wp-content\/uploads\/sites\/232\/2025\/11\/DSC04663-scaled-e1762868706568-1024x767.jpg\" alt=\"\" width=\"337\" height=\"252\" srcset=\"https:\/\/grundschule-am-gut.hamburg.de\/wp-content\/uploads\/sites\/232\/2025\/11\/DSC04663-scaled-e1762868706568-1024x767.jpg 1024w, https:\/\/grundschule-am-gut.hamburg.de\/wp-content\/uploads\/sites\/232\/2025\/11\/DSC04663-scaled-e1762868706568-300x225.jpg 300w, https:\/\/grundschule-am-gut.hamburg.de\/wp-content\/uploads\/sites\/232\/2025\/11\/DSC04663-scaled-e1762868706568-768x575.jpg 768w, https:\/\/grundschule-am-gut.hamburg.de\/wp-content\/uploads\/sites\/232\/2025\/11\/DSC04663-scaled-e1762868706568-1536x1151.jpg 1536w, https:\/\/grundschule-am-gut.hamburg.de\/wp-content\/uploads\/sites\/232\/2025\/11\/DSC04663-scaled-e1762868706568-2048x1535.jpg 2048w\" sizes=\"auto, (max-width: 337px) 100vw, 337px\" \/> <img loading=\"lazy\" decoding=\"async\" class=\"alignnone wp-image-3238\" src=\"https:\/\/grundschule-am-gut.hamburg.de\/wp-content\/uploads\/sites\/232\/2025\/11\/DSC04671-1024x683.jpg\" alt=\"\" width=\"377\" height=\"251\" srcset=\"https:\/\/grundschule-am-gut.hamburg.de\/wp-content\/uploads\/sites\/232\/2025\/11\/DSC04671-1024x683.jpg 1024w, https:\/\/grundschule-am-gut.hamburg.de\/wp-content\/uploads\/sites\/232\/2025\/11\/DSC04671-300x200.jpg 300w, https:\/\/grundschule-am-gut.hamburg.de\/wp-content\/uploads\/sites\/232\/2025\/11\/DSC04671-768x512.jpg 768w, https:\/\/grundschule-am-gut.hamburg.de\/wp-content\/uploads\/sites\/232\/2025\/11\/DSC04671-1536x1024.jpg 1536w, https:\/\/grundschule-am-gut.hamburg.de\/wp-content\/uploads\/sites\/232\/2025\/11\/DSC04671-2048x1365.jpg 2048w\" sizes=\"auto, (max-width: 377px) 100vw, 377px\" \/><\/p>\n<p><em>Fotos: Falk Mokdad, Julia Kronenberg, Ella Ott &amp; Yeliz \u00dcnl\u00fc<\/em><\/p>\n<h5 style=\"text-align: center\"><span style=\"font-size: 18pt\">****************************************************************<\/span><\/h5>\n<h5>\u201eWasserzauber\u201c &#8211; Impressionen von unserem Ausflug zum Gut Karlsh\u00f6he am 06.06.2025<br \/>\n<img loading=\"lazy\" decoding=\"async\" class=\"alignnone wp-image-3053\" src=\"https:\/\/grundschule-am-gut.hamburg.de\/wp-content\/uploads\/sites\/232\/2025\/06\/1000107399-scaled-e1749566789904-1024x627.jpg\" alt=\"\" width=\"368\" height=\"225\" srcset=\"https:\/\/grundschule-am-gut.hamburg.de\/wp-content\/uploads\/sites\/232\/2025\/06\/1000107399-scaled-e1749566789904-1024x627.jpg 1024w, https:\/\/grundschule-am-gut.hamburg.de\/wp-content\/uploads\/sites\/232\/2025\/06\/1000107399-scaled-e1749566789904-300x184.jpg 300w, https:\/\/grundschule-am-gut.hamburg.de\/wp-content\/uploads\/sites\/232\/2025\/06\/1000107399-scaled-e1749566789904-768x470.jpg 768w, https:\/\/grundschule-am-gut.hamburg.de\/wp-content\/uploads\/sites\/232\/2025\/06\/1000107399-scaled-e1749566789904-1536x941.jpg 1536w, https:\/\/grundschule-am-gut.hamburg.de\/wp-content\/uploads\/sites\/232\/2025\/06\/1000107399-scaled-e1749566789904.jpg 1930w\" sizes=\"auto, (max-width: 368px) 100vw, 368px\" \/> <img loading=\"lazy\" decoding=\"async\" class=\"alignnone wp-image-3055\" src=\"https:\/\/grundschule-am-gut.hamburg.de\/wp-content\/uploads\/sites\/232\/2025\/06\/1000107388-scaled-e1749566944424-714x1024.jpg\" alt=\"\" width=\"157\" height=\"226\" srcset=\"https:\/\/grundschule-am-gut.hamburg.de\/wp-content\/uploads\/sites\/232\/2025\/06\/1000107388-scaled-e1749566944424-714x1024.jpg 714w, https:\/\/grundschule-am-gut.hamburg.de\/wp-content\/uploads\/sites\/232\/2025\/06\/1000107388-scaled-e1749566944424-209x300.jpg 209w, https:\/\/grundschule-am-gut.hamburg.de\/wp-content\/uploads\/sites\/232\/2025\/06\/1000107388-scaled-e1749566944424-768x1102.jpg 768w, https:\/\/grundschule-am-gut.hamburg.de\/wp-content\/uploads\/sites\/232\/2025\/06\/1000107388-scaled-e1749566944424.jpg 1050w\" sizes=\"auto, (max-width: 157px) 100vw, 157px\" \/> <img loading=\"lazy\" decoding=\"async\" class=\"alignnone wp-image-3054\" src=\"https:\/\/grundschule-am-gut.hamburg.de\/wp-content\/uploads\/sites\/232\/2025\/06\/1000107397-scaled-e1749566873304-1024x557.jpg\" alt=\"\" width=\"412\" height=\"224\" srcset=\"https:\/\/grundschule-am-gut.hamburg.de\/wp-content\/uploads\/sites\/232\/2025\/06\/1000107397-scaled-e1749566873304-1024x557.jpg 1024w, https:\/\/grundschule-am-gut.hamburg.de\/wp-content\/uploads\/sites\/232\/2025\/06\/1000107397-scaled-e1749566873304-300x163.jpg 300w, https:\/\/grundschule-am-gut.hamburg.de\/wp-content\/uploads\/sites\/232\/2025\/06\/1000107397-scaled-e1749566873304-768x418.jpg 768w, https:\/\/grundschule-am-gut.hamburg.de\/wp-content\/uploads\/sites\/232\/2025\/06\/1000107397-scaled-e1749566873304-1536x836.jpg 1536w, https:\/\/grundschule-am-gut.hamburg.de\/wp-content\/uploads\/sites\/232\/2025\/06\/1000107397-scaled-e1749566873304-2048x1115.jpg 2048w\" sizes=\"auto, (max-width: 412px) 100vw, 412px\" \/><\/h5>\n<p>Dieser Ausflug stand ganz im Zeichen des Elements Wasser. Die Kinder durften beim Angebot \u201eWasserzauber\u201c an verschiedenen Stationen eigenst\u00e4ndig experimentieren. In kleinen Gruppen wurde geforscht, ausprobiert und gestaunt. Mit viel Freude und Neugier waren alle dabei \u2013 jedes Kind konnte selbst aktiv werden und naturwissenschaftliche Ph\u00e4nomene auf spielerische Weise erleben. Ein rundum gelungenes Angebot, das den Kindern den Zugang zu MINT-Themen mit Spa\u00df und Entdeckerfreude erm\u00f6glicht hat.<\/p>\n<p><em>Fotos: Kerstin Leupold<\/em><\/p>\n<p style=\"text-align: center\"><span style=\"font-size: 18pt\">****************************************************************<\/span><\/p>\n<h5 style=\"text-align: left\">Impressionen vom Maiferien-Programm an der TMS<br \/>\n<img loading=\"lazy\" decoding=\"async\" class=\"alignnone wp-image-3059\" src=\"https:\/\/grundschule-am-gut.hamburg.de\/wp-content\/uploads\/sites\/232\/2025\/06\/IMG-20250603-WA0005-1024x768.jpg\" alt=\"\" width=\"267\" height=\"200\" srcset=\"https:\/\/grundschule-am-gut.hamburg.de\/wp-content\/uploads\/sites\/232\/2025\/06\/IMG-20250603-WA0005-1024x768.jpg 1024w, https:\/\/grundschule-am-gut.hamburg.de\/wp-content\/uploads\/sites\/232\/2025\/06\/IMG-20250603-WA0005-300x225.jpg 300w, https:\/\/grundschule-am-gut.hamburg.de\/wp-content\/uploads\/sites\/232\/2025\/06\/IMG-20250603-WA0005-768x576.jpg 768w, https:\/\/grundschule-am-gut.hamburg.de\/wp-content\/uploads\/sites\/232\/2025\/06\/IMG-20250603-WA0005-1536x1152.jpg 1536w, https:\/\/grundschule-am-gut.hamburg.de\/wp-content\/uploads\/sites\/232\/2025\/06\/IMG-20250603-WA0005.jpg 2000w\" sizes=\"auto, (max-width: 267px) 100vw, 267px\" \/> <img loading=\"lazy\" decoding=\"async\" class=\"alignnone wp-image-3060\" src=\"https:\/\/grundschule-am-gut.hamburg.de\/wp-content\/uploads\/sites\/232\/2025\/06\/IMG_5416-1024x768.jpeg\" alt=\"\" width=\"266\" height=\"200\" srcset=\"https:\/\/grundschule-am-gut.hamburg.de\/wp-content\/uploads\/sites\/232\/2025\/06\/IMG_5416-1024x768.jpeg 1024w, https:\/\/grundschule-am-gut.hamburg.de\/wp-content\/uploads\/sites\/232\/2025\/06\/IMG_5416-300x225.jpeg 300w, https:\/\/grundschule-am-gut.hamburg.de\/wp-content\/uploads\/sites\/232\/2025\/06\/IMG_5416-768x576.jpeg 768w, https:\/\/grundschule-am-gut.hamburg.de\/wp-content\/uploads\/sites\/232\/2025\/06\/IMG_5416-1536x1152.jpeg 1536w, https:\/\/grundschule-am-gut.hamburg.de\/wp-content\/uploads\/sites\/232\/2025\/06\/IMG_5416-2048x1536.jpeg 2048w\" sizes=\"auto, (max-width: 266px) 100vw, 266px\" \/> <img loading=\"lazy\" decoding=\"async\" class=\"alignnone wp-image-3061\" src=\"https:\/\/grundschule-am-gut.hamburg.de\/wp-content\/uploads\/sites\/232\/2025\/06\/IMG_0072-e1749567459571-693x1024.jpg\" alt=\"\" width=\"135\" height=\"200\" srcset=\"https:\/\/grundschule-am-gut.hamburg.de\/wp-content\/uploads\/sites\/232\/2025\/06\/IMG_0072-e1749567459571-693x1024.jpg 693w, https:\/\/grundschule-am-gut.hamburg.de\/wp-content\/uploads\/sites\/232\/2025\/06\/IMG_0072-e1749567459571-203x300.jpg 203w, https:\/\/grundschule-am-gut.hamburg.de\/wp-content\/uploads\/sites\/232\/2025\/06\/IMG_0072-e1749567459571-768x1135.jpg 768w, https:\/\/grundschule-am-gut.hamburg.de\/wp-content\/uploads\/sites\/232\/2025\/06\/IMG_0072-e1749567459571.jpg 928w\" sizes=\"auto, (max-width: 135px) 100vw, 135px\" \/> <img loading=\"lazy\" decoding=\"async\" class=\"alignnone wp-image-3062\" src=\"https:\/\/grundschule-am-gut.hamburg.de\/wp-content\/uploads\/sites\/232\/2025\/06\/IMG_0079-1024x768.jpg\" alt=\"\" width=\"264\" height=\"198\" srcset=\"https:\/\/grundschule-am-gut.hamburg.de\/wp-content\/uploads\/sites\/232\/2025\/06\/IMG_0079-1024x768.jpg 1024w, https:\/\/grundschule-am-gut.hamburg.de\/wp-content\/uploads\/sites\/232\/2025\/06\/IMG_0079-300x225.jpg 300w, https:\/\/grundschule-am-gut.hamburg.de\/wp-content\/uploads\/sites\/232\/2025\/06\/IMG_0079-768x576.jpg 768w, https:\/\/grundschule-am-gut.hamburg.de\/wp-content\/uploads\/sites\/232\/2025\/06\/IMG_0079-1536x1152.jpg 1536w, https:\/\/grundschule-am-gut.hamburg.de\/wp-content\/uploads\/sites\/232\/2025\/06\/IMG_0079.jpg 2048w\" sizes=\"auto, (max-width: 264px) 100vw, 264px\" \/><\/h5>\n<p style=\"text-align: left\">\u201eWir lieben und sch\u00fctzen unsere Natur!\u201c<br \/>\nEs wurden in Kooperation mit Rewe Lebensmittel gerettet und verkocht, mit gespendetem Holz auf dem Baui Berne gewerkelt, \u00f6kologische Seife hergestellt, ein Baum und Samenbomben gepflanzt, M\u00fcll gesammelt u.v.m. Die Kinder haben spielerisch Wissen erworben zu unserem \u00f6kologischen Fu\u00dfabdruck und hatten ganz nebenbei auch noch Spa\u00df dabei.<\/p>\n<p><em>Fotos: Julie Merkel, Yajaira P\u00e9rez, Natalie John, Falk Mokdad<\/em><\/p>\n<p style=\"text-align: center\"><span style=\"font-size: 18pt\">****************************************************************<\/span><\/p>\n<h5>Kunstwerke aus einer kleinen Projektwoche &#8222;Ber\u00fchmte K\u00fcnstler und ich&#8220;<\/h5>\n<p><img loading=\"lazy\" decoding=\"async\" class=\"wp-image-2937 alignnone\" src=\"https:\/\/grundschule-am-gut.hamburg.de\/wp-content\/uploads\/sites\/232\/2025\/05\/Bildschirmfoto-2025-05-02-um-16.00.43-1024x508.png\" alt=\"\" width=\"505\" height=\"251\" srcset=\"https:\/\/grundschule-am-gut.hamburg.de\/wp-content\/uploads\/sites\/232\/2025\/05\/Bildschirmfoto-2025-05-02-um-16.00.43-1024x508.png 1024w, https:\/\/grundschule-am-gut.hamburg.de\/wp-content\/uploads\/sites\/232\/2025\/05\/Bildschirmfoto-2025-05-02-um-16.00.43-300x149.png 300w, https:\/\/grundschule-am-gut.hamburg.de\/wp-content\/uploads\/sites\/232\/2025\/05\/Bildschirmfoto-2025-05-02-um-16.00.43-768x381.png 768w, https:\/\/grundschule-am-gut.hamburg.de\/wp-content\/uploads\/sites\/232\/2025\/05\/Bildschirmfoto-2025-05-02-um-16.00.43.png 1426w\" sizes=\"auto, (max-width: 505px) 100vw, 505px\" \/>\u00a0 \u00a0 <img loading=\"lazy\" decoding=\"async\" class=\"wp-image-2938 alignnone\" src=\"https:\/\/grundschule-am-gut.hamburg.de\/wp-content\/uploads\/sites\/232\/2025\/05\/Bildschirmfoto-2025-05-02-um-16.02.12-1024x649.png\" alt=\"\" width=\"395\" height=\"251\" srcset=\"https:\/\/grundschule-am-gut.hamburg.de\/wp-content\/uploads\/sites\/232\/2025\/05\/Bildschirmfoto-2025-05-02-um-16.02.12-1024x649.png 1024w, https:\/\/grundschule-am-gut.hamburg.de\/wp-content\/uploads\/sites\/232\/2025\/05\/Bildschirmfoto-2025-05-02-um-16.02.12-300x190.png 300w, https:\/\/grundschule-am-gut.hamburg.de\/wp-content\/uploads\/sites\/232\/2025\/05\/Bildschirmfoto-2025-05-02-um-16.02.12-768x486.png 768w, https:\/\/grundschule-am-gut.hamburg.de\/wp-content\/uploads\/sites\/232\/2025\/05\/Bildschirmfoto-2025-05-02-um-16.02.12-1536x973.png 1536w, https:\/\/grundschule-am-gut.hamburg.de\/wp-content\/uploads\/sites\/232\/2025\/05\/Bildschirmfoto-2025-05-02-um-16.02.12.png 1986w\" sizes=\"auto, (max-width: 395px) 100vw, 395px\" \/><\/p>\n<p><em>Fotos: Julia Kronenberg<\/em><\/p>\n<h5 style=\"text-align: center\"><span style=\"font-size: 18pt\">****************************************************************<\/span><\/h5>\n<p><strong><img loading=\"lazy\" decoding=\"async\" class=\" wp-image-2992 alignleft\" src=\"https:\/\/grundschule-am-gut.hamburg.de\/wp-content\/uploads\/sites\/232\/2025\/05\/Besuch-Seniorenheim-768x1024.jpg\" alt=\"\" width=\"276\" height=\"368\" srcset=\"https:\/\/grundschule-am-gut.hamburg.de\/wp-content\/uploads\/sites\/232\/2025\/05\/Besuch-Seniorenheim-768x1024.jpg 768w, https:\/\/grundschule-am-gut.hamburg.de\/wp-content\/uploads\/sites\/232\/2025\/05\/Besuch-Seniorenheim-225x300.jpg 225w, https:\/\/grundschule-am-gut.hamburg.de\/wp-content\/uploads\/sites\/232\/2025\/05\/Besuch-Seniorenheim-1152x1536.jpg 1152w, https:\/\/grundschule-am-gut.hamburg.de\/wp-content\/uploads\/sites\/232\/2025\/05\/Besuch-Seniorenheim-1536x2048.jpg 1536w, https:\/\/grundschule-am-gut.hamburg.de\/wp-content\/uploads\/sites\/232\/2025\/05\/Besuch-Seniorenheim-scaled.jpg 1920w\" sizes=\"auto, (max-width: 276px) 100vw, 276px\" \/>Besuch in der Seniorenwohnanlage Waldd\u00f6rfer in der Berner Allee<\/strong><\/p>\n<p>Wir waren am letzten Schultag (19.12.2024) mit einer Handvoll Kinder zu einem herzerw\u00e4rmenden Besuch in einer Seniorenwohnanlage. Spontan hatte ich am Montag zuvor einen Aufruf zum Basteln und Backen gestartet &#8211; nach dem Motto \u201e Es ist auch sch\u00f6n, anderen Menschen eine Freude zu machen\u201c. Es war so sch\u00f6n \u2013 unbeschreiblich. Alt &amp; Jung waren ganz beseelt&#8230; Unglaublich und sch\u00f6n, wie wenig Ber\u00fchrungs\u00e4ngste die Kinder hatten! Es wurde umarmt, gesprochen, gesungen, Lichter, Gebasteltes &amp; Kekse verteilt. Einen spontanen Weihnachtsmann zum Schluss gab&#8217;s auch noch! Wir sollen &#8211; und wollen &#8211; unbedingt wiederkommen!<br \/>\nEinen gro\u00dfen Dank an alle, die sich beteiligt haben \u2013 mit Worten, Taten und Werken\ud83d\ude0a \u2013 vor allem an unsere Kinder!<\/p>\n<p><em>Text und Foto: Susanne G\u00f6tz<\/em><\/p>\n<h5 style=\"text-align: center\"><span style=\"font-size: 18pt\">****************************************************************<\/span><\/h5>\n<p><span style=\"text-decoration: underline\"><strong>Eindr\u00fccke vom Herbstferien-Programm 2024<\/strong><\/span><\/p>\n<p><strong>Halloween-Windlichter basteln<\/strong><\/p>\n<p><img loading=\"lazy\" decoding=\"async\" class=\" wp-image-2756 alignnone\" src=\"https:\/\/grundschule-am-gut.hamburg.de\/wp-content\/uploads\/sites\/232\/2024\/11\/IMG_1361-scaled-e1732190008682-1024x568.jpeg\" alt=\"\" width=\"467\" height=\"259\" srcset=\"https:\/\/grundschule-am-gut.hamburg.de\/wp-content\/uploads\/sites\/232\/2024\/11\/IMG_1361-scaled-e1732190008682-1024x568.jpeg 1024w, https:\/\/grundschule-am-gut.hamburg.de\/wp-content\/uploads\/sites\/232\/2024\/11\/IMG_1361-scaled-e1732190008682-300x166.jpeg 300w, https:\/\/grundschule-am-gut.hamburg.de\/wp-content\/uploads\/sites\/232\/2024\/11\/IMG_1361-scaled-e1732190008682-768x426.jpeg 768w, https:\/\/grundschule-am-gut.hamburg.de\/wp-content\/uploads\/sites\/232\/2024\/11\/IMG_1361-scaled-e1732190008682-1536x851.jpeg 1536w, https:\/\/grundschule-am-gut.hamburg.de\/wp-content\/uploads\/sites\/232\/2024\/11\/IMG_1361-scaled-e1732190008682-2048x1135.jpeg 2048w\" sizes=\"auto, (max-width: 467px) 100vw, 467px\" \/> <img loading=\"lazy\" decoding=\"async\" class=\" wp-image-2757 alignnone\" src=\"https:\/\/grundschule-am-gut.hamburg.de\/wp-content\/uploads\/sites\/232\/2024\/11\/IMG_1364-scaled-e1732190475425-1024x784.jpeg\" alt=\"\" width=\"336\" height=\"257\" srcset=\"https:\/\/grundschule-am-gut.hamburg.de\/wp-content\/uploads\/sites\/232\/2024\/11\/IMG_1364-scaled-e1732190475425-1024x784.jpeg 1024w, https:\/\/grundschule-am-gut.hamburg.de\/wp-content\/uploads\/sites\/232\/2024\/11\/IMG_1364-scaled-e1732190475425-300x230.jpeg 300w, https:\/\/grundschule-am-gut.hamburg.de\/wp-content\/uploads\/sites\/232\/2024\/11\/IMG_1364-scaled-e1732190475425-768x588.jpeg 768w, https:\/\/grundschule-am-gut.hamburg.de\/wp-content\/uploads\/sites\/232\/2024\/11\/IMG_1364-scaled-e1732190475425.jpeg 1386w\" sizes=\"auto, (max-width: 336px) 100vw, 336px\" \/><\/p>\n<p style=\"text-align: center\"><span style=\"font-size: 18pt\">****************************************************************<\/span><\/p>\n<p><strong>Ausflug zu den Elbbr\u00fccken und in die &#8222;Botschaft der Wildtiere&#8220; <\/strong><\/p>\n<p><img loading=\"lazy\" decoding=\"async\" class=\" wp-image-2758 alignnone\" src=\"https:\/\/grundschule-am-gut.hamburg.de\/wp-content\/uploads\/sites\/232\/2024\/11\/IMG_1369-1024x768.jpeg\" alt=\"\" width=\"341\" height=\"256\" srcset=\"https:\/\/grundschule-am-gut.hamburg.de\/wp-content\/uploads\/sites\/232\/2024\/11\/IMG_1369-1024x768.jpeg 1024w, https:\/\/grundschule-am-gut.hamburg.de\/wp-content\/uploads\/sites\/232\/2024\/11\/IMG_1369-300x225.jpeg 300w, https:\/\/grundschule-am-gut.hamburg.de\/wp-content\/uploads\/sites\/232\/2024\/11\/IMG_1369-768x576.jpeg 768w, https:\/\/grundschule-am-gut.hamburg.de\/wp-content\/uploads\/sites\/232\/2024\/11\/IMG_1369-1536x1152.jpeg 1536w, https:\/\/grundschule-am-gut.hamburg.de\/wp-content\/uploads\/sites\/232\/2024\/11\/IMG_1369-2048x1536.jpeg 2048w\" sizes=\"auto, (max-width: 341px) 100vw, 341px\" \/> \u00a0 <img loading=\"lazy\" decoding=\"async\" class=\" wp-image-2760 alignnone\" src=\"https:\/\/grundschule-am-gut.hamburg.de\/wp-content\/uploads\/sites\/232\/2024\/11\/IMG_1386-1024x768.jpeg\" alt=\"\" width=\"341\" height=\"256\" srcset=\"https:\/\/grundschule-am-gut.hamburg.de\/wp-content\/uploads\/sites\/232\/2024\/11\/IMG_1386-1024x768.jpeg 1024w, https:\/\/grundschule-am-gut.hamburg.de\/wp-content\/uploads\/sites\/232\/2024\/11\/IMG_1386-300x225.jpeg 300w, https:\/\/grundschule-am-gut.hamburg.de\/wp-content\/uploads\/sites\/232\/2024\/11\/IMG_1386-768x576.jpeg 768w, https:\/\/grundschule-am-gut.hamburg.de\/wp-content\/uploads\/sites\/232\/2024\/11\/IMG_1386-1536x1152.jpeg 1536w, https:\/\/grundschule-am-gut.hamburg.de\/wp-content\/uploads\/sites\/232\/2024\/11\/IMG_1386-2048x1536.jpeg 2048w\" sizes=\"auto, (max-width: 341px) 100vw, 341px\" \/><\/p>\n<p><img loading=\"lazy\" decoding=\"async\" class=\" wp-image-2761 alignnone\" src=\"https:\/\/grundschule-am-gut.hamburg.de\/wp-content\/uploads\/sites\/232\/2024\/11\/IMG_1401-1024x768.jpeg\" alt=\"\" width=\"344\" height=\"258\" srcset=\"https:\/\/grundschule-am-gut.hamburg.de\/wp-content\/uploads\/sites\/232\/2024\/11\/IMG_1401-1024x768.jpeg 1024w, https:\/\/grundschule-am-gut.hamburg.de\/wp-content\/uploads\/sites\/232\/2024\/11\/IMG_1401-300x225.jpeg 300w, https:\/\/grundschule-am-gut.hamburg.de\/wp-content\/uploads\/sites\/232\/2024\/11\/IMG_1401-768x576.jpeg 768w, https:\/\/grundschule-am-gut.hamburg.de\/wp-content\/uploads\/sites\/232\/2024\/11\/IMG_1401-1536x1152.jpeg 1536w, https:\/\/grundschule-am-gut.hamburg.de\/wp-content\/uploads\/sites\/232\/2024\/11\/IMG_1401-2048x1536.jpeg 2048w\" sizes=\"auto, (max-width: 344px) 100vw, 344px\" \/> \u00a0 <img loading=\"lazy\" decoding=\"async\" class=\" wp-image-2759 alignnone\" src=\"https:\/\/grundschule-am-gut.hamburg.de\/wp-content\/uploads\/sites\/232\/2024\/11\/IMG_1374-1024x748.jpeg\" alt=\"\" width=\"350\" height=\"255\" srcset=\"https:\/\/grundschule-am-gut.hamburg.de\/wp-content\/uploads\/sites\/232\/2024\/11\/IMG_1374-1024x748.jpeg 1024w, https:\/\/grundschule-am-gut.hamburg.de\/wp-content\/uploads\/sites\/232\/2024\/11\/IMG_1374-300x219.jpeg 300w, https:\/\/grundschule-am-gut.hamburg.de\/wp-content\/uploads\/sites\/232\/2024\/11\/IMG_1374-768x561.jpeg 768w, https:\/\/grundschule-am-gut.hamburg.de\/wp-content\/uploads\/sites\/232\/2024\/11\/IMG_1374-1536x1123.jpeg 1536w, https:\/\/grundschule-am-gut.hamburg.de\/wp-content\/uploads\/sites\/232\/2024\/11\/IMG_1374-2048x1497.jpeg 2048w\" sizes=\"auto, (max-width: 350px) 100vw, 350px\" \/><\/p>\n<p>Zun\u00e4chst ging es zu den Elbbr\u00fccken &#8211; wo wir auch einiges \u00fcber die Br\u00fccke und die Verbindung zum Freihafen gelernt haben &#8211; und dann in die &#8222;Botschaft der Wildtiere&#8220;, \u00a0eine interaktive Ausstellung, in der die Kinder unsere heimischen Wildtiere kennenlernen und erfahren, wie man diese sch\u00fctzen kann. Die Ausstellung war besonders gut gelungen und die Kinder hatten viel Spa\u00df!<\/p>\n<p><em>Die &#8222;Botschaft der Wildtiere&#8220; in der Hamburger HafenCity ist ein Projekt der Deutschen Wildtier Stiftung und holt Deutschlands wilde Bewohner in die Stadt. Viele mulitmediale Rauminszenierungen lassen die Natur lebendig werden. F\u00fcr Schulklassen der Stufen 1\u20134 gibt es zudem in der Lernwerkstatt Angebote rund um die Natur.<\/em><\/p>\n<p><em>Fotos: Julia Kronenberg<\/em><\/p>\n<h5 style=\"text-align: center\"><span style=\"font-size: 18pt\">****************************************************************<\/span><\/h5>\n<h5>Wir machen Kunstwerk aus Glas<\/h5>\n<p style=\"text-align: center\"><div id=\"metaslider-id-2696\" style=\"max-width: 500px; margin: 0 auto;\" class=\"ml-slider-3-107-0 metaslider metaslider-flex metaslider-2696 ml-slider has-dots-nav ms-theme-default\" role=\"region\" aria-label=\"Nachmittagsbetreuung Sommer 24\" data-height=\"700\" data-width=\"500\">\n    <div id=\"metaslider_container_2696\">\n        <div id=\"metaslider_2696\">\n            <ul class='slides'>\n                <li style=\"display: block; width: 100%;\" class=\"slide-2701 ms-image \" aria-roledescription=\"slide\" data-date=\"2024-07-19 11:17:04\" data-filename=\"02B9A283-88BC-4D3A-85EC-6C37A5D51D4F-500x700.jpg\" data-slide-type=\"image\"><img loading=\"lazy\" decoding=\"async\" src=\"https:\/\/grundschule-am-gut.hamburg.de\/wp-content\/uploads\/sites\/232\/2024\/07\/02B9A283-88BC-4D3A-85EC-6C37A5D51D4F-500x700.jpg\" height=\"700\" width=\"500\" alt=\"\" class=\"slider-2696 slide-2701 msDefaultImage\" title=\"02B9A283-88BC-4D3A-85EC-6C37A5D51D4F\" \/><\/li>\n                <li style=\"display: none; width: 100%;\" class=\"slide-2702 ms-image \" aria-roledescription=\"slide\" data-date=\"2024-07-19 11:17:04\" data-filename=\"59762DB0-BFE4-446B-8BB3-529B92BD5F5F-500x700.jpg\" data-slide-type=\"image\"><img loading=\"lazy\" decoding=\"async\" src=\"https:\/\/grundschule-am-gut.hamburg.de\/wp-content\/uploads\/sites\/232\/2024\/07\/59762DB0-BFE4-446B-8BB3-529B92BD5F5F-500x700.jpg\" height=\"700\" width=\"500\" alt=\"\" class=\"slider-2696 slide-2702 msDefaultImage\" title=\"59762DB0-BFE4-446B-8BB3-529B92BD5F5F\" \/><\/li>\n                <li style=\"display: none; width: 100%;\" class=\"slide-2703 ms-image \" aria-roledescription=\"slide\" data-date=\"2024-07-19 11:17:04\" data-filename=\"A39CE833-E649-4314-8098-AD7D1AB77295-500x700.jpg\" data-slide-type=\"image\"><img loading=\"lazy\" decoding=\"async\" src=\"https:\/\/grundschule-am-gut.hamburg.de\/wp-content\/uploads\/sites\/232\/2024\/07\/A39CE833-E649-4314-8098-AD7D1AB77295-500x700.jpg\" height=\"700\" width=\"500\" alt=\"\" class=\"slider-2696 slide-2703 msDefaultImage\" title=\"A39CE833-E649-4314-8098-AD7D1AB77295\" \/><\/li>\n                <li style=\"display: none; width: 100%;\" class=\"slide-2704 ms-image \" aria-roledescription=\"slide\" data-date=\"2024-07-19 11:17:04\" data-filename=\"A174B5B7-C767-48FC-A63E-97C533770482-500x700.jpg\" data-slide-type=\"image\"><img loading=\"lazy\" decoding=\"async\" src=\"https:\/\/grundschule-am-gut.hamburg.de\/wp-content\/uploads\/sites\/232\/2024\/07\/A174B5B7-C767-48FC-A63E-97C533770482-500x700.jpg\" height=\"700\" width=\"500\" alt=\"\" class=\"slider-2696 slide-2704 msDefaultImage\" title=\"A174B5B7-C767-48FC-A63E-97C533770482\" \/><\/li>\n                <li style=\"display: none; width: 100%;\" class=\"slide-2707 ms-image \" aria-roledescription=\"slide\" data-date=\"2024-07-19 11:17:58\" data-filename=\"C06BBD5E-4103-4B9F-A864-47BFA37859A4-500x700.jpg\" data-slide-type=\"image\"><img loading=\"lazy\" decoding=\"async\" src=\"https:\/\/grundschule-am-gut.hamburg.de\/wp-content\/uploads\/sites\/232\/2024\/07\/C06BBD5E-4103-4B9F-A864-47BFA37859A4-500x700.jpg\" height=\"700\" width=\"500\" alt=\"\" class=\"slider-2696 slide-2707 msDefaultImage\" title=\"C06BBD5E-4103-4B9F-A864-47BFA37859A4\" \/><\/li>\n                <li style=\"display: none; width: 100%;\" class=\"slide-2708 ms-image \" aria-roledescription=\"slide\" data-date=\"2024-07-19 11:17:58\" data-filename=\"CAA55D8B-D37E-49B6-8855-761E19867500-500x700.jpg\" data-slide-type=\"image\"><img loading=\"lazy\" decoding=\"async\" src=\"https:\/\/grundschule-am-gut.hamburg.de\/wp-content\/uploads\/sites\/232\/2024\/07\/CAA55D8B-D37E-49B6-8855-761E19867500-500x700.jpg\" height=\"700\" width=\"500\" alt=\"\" class=\"slider-2696 slide-2708 msDefaultImage\" title=\"CAA55D8B-D37E-49B6-8855-761E19867500\" \/><\/li>\n            <\/ul>\n        <\/div>\n        \n    <\/div>\n<\/div><\/p>\n<p style=\"text-align: center\"><span style=\"font-size: 10pt\"><em>Fotos: G. Wey<\/em><\/span><\/p>\n<h5 style=\"text-align: center\"><span style=\"font-size: 18pt\">****************************************************************<\/span><\/h5>\n<h5>Eindr\u00fccke aus den Fr\u00fchjahrsferien 2024<\/h5>\n<p style=\"text-align: center\"><div id=\"metaslider-id-2611\" style=\"max-width: 380px; margin: 0 auto;\" class=\"ml-slider-3-107-0 metaslider metaslider-flex metaslider-2611 ml-slider has-dots-nav ms-theme-default\" role=\"region\" aria-label=\"Nachmittagsbetreuung Fr\u00fchjahrsferien\" data-height=\"500\" data-width=\"380\">\n    <div id=\"metaslider_container_2611\">\n        <div id=\"metaslider_2611\">\n            <ul class='slides'>\n                <li style=\"display: block; width: 100%;\" class=\"slide-2613 ms-image \" aria-roledescription=\"slide\" data-date=\"2024-04-15 14:26:10\" data-filename=\"d58b9a8e-ca49-4e04-8035-59b8eede7a58-380x500.jpeg\" data-slide-type=\"image\"><img loading=\"lazy\" decoding=\"async\" src=\"https:\/\/grundschule-am-gut.hamburg.de\/wp-content\/uploads\/sites\/232\/2024\/04\/d58b9a8e-ca49-4e04-8035-59b8eede7a58-380x500.jpeg\" height=\"500\" width=\"380\" alt=\"\" class=\"slider-2611 slide-2613 msDefaultImage\" title=\"d58b9a8e-ca49-4e04-8035-59b8eede7a58\" \/><\/li>\n                <li style=\"display: none; width: 100%;\" class=\"slide-2615 ms-image \" aria-roledescription=\"slide\" data-date=\"2024-04-15 14:26:23\" data-filename=\"h-360x473.jpg\" data-slide-type=\"image\"><img loading=\"lazy\" decoding=\"async\" src=\"https:\/\/grundschule-am-gut.hamburg.de\/wp-content\/uploads\/sites\/232\/2024\/04\/h-360x473.jpg\" height=\"500\" width=\"380\" alt=\"\" class=\"slider-2611 slide-2615 msDefaultImage\" title=\"h\" \/><\/li>\n                <li style=\"display: none; width: 100%;\" class=\"slide-2619 ms-image \" aria-roledescription=\"slide\" data-date=\"2024-04-15 14:27:00\" data-filename=\"h2-1-380x500.jpg\" data-slide-type=\"image\"><img loading=\"lazy\" decoding=\"async\" src=\"https:\/\/grundschule-am-gut.hamburg.de\/wp-content\/uploads\/sites\/232\/2024\/04\/h2-1-380x500.jpg\" height=\"500\" width=\"380\" alt=\"\" class=\"slider-2611 slide-2619 msDefaultImage\" title=\"h2\" \/><\/li>\n                <li style=\"display: none; width: 100%;\" class=\"slide-2620 ms-image \" aria-roledescription=\"slide\" data-date=\"2024-04-15 14:27:00\" data-filename=\"h3-380x500.jpg\" data-slide-type=\"image\"><img loading=\"lazy\" decoding=\"async\" src=\"https:\/\/grundschule-am-gut.hamburg.de\/wp-content\/uploads\/sites\/232\/2024\/04\/h3-380x500.jpg\" height=\"500\" width=\"380\" alt=\"\" class=\"slider-2611 slide-2620 msDefaultImage\" title=\"h3\" \/><\/li>\n                <li style=\"display: none; width: 100%;\" class=\"slide-2622 ms-image \" aria-roledescription=\"slide\" data-date=\"2024-04-15 14:27:53\" data-filename=\"h6-364x480.jpg\" data-slide-type=\"image\"><img loading=\"lazy\" decoding=\"async\" src=\"https:\/\/grundschule-am-gut.hamburg.de\/wp-content\/uploads\/sites\/232\/2024\/04\/h6-364x480.jpg\" height=\"500\" width=\"380\" alt=\"\" class=\"slider-2611 slide-2622 msDefaultImage\" title=\"h6\" \/><\/li>\n                <li style=\"display: none; width: 100%;\" class=\"slide-2624 ms-image \" aria-roledescription=\"slide\" data-date=\"2024-04-15 14:28:05\" data-filename=\"h13-380x500.jpg\" data-slide-type=\"image\"><img loading=\"lazy\" decoding=\"async\" src=\"https:\/\/grundschule-am-gut.hamburg.de\/wp-content\/uploads\/sites\/232\/2024\/04\/h13-380x500.jpg\" height=\"500\" width=\"380\" alt=\"\" class=\"slider-2611 slide-2624 msDefaultImage\" title=\"h13\" \/><\/li>\n                <li style=\"display: none; width: 100%;\" class=\"slide-2628 ms-image \" aria-roledescription=\"slide\" data-date=\"2024-04-15 14:28:32\" data-filename=\"h18-380x500.jpg\" data-slide-type=\"image\"><img loading=\"lazy\" decoding=\"async\" src=\"https:\/\/grundschule-am-gut.hamburg.de\/wp-content\/uploads\/sites\/232\/2024\/04\/h18-380x500.jpg\" height=\"500\" width=\"380\" alt=\"\" class=\"slider-2611 slide-2628 msDefaultImage\" title=\"h18\" \/><\/li>\n                <li style=\"display: none; width: 100%;\" class=\"slide-2630 ms-image \" aria-roledescription=\"slide\" data-date=\"2024-04-15 14:29:06\" data-filename=\"image-3-380x500.jpeg\" data-slide-type=\"image\"><img loading=\"lazy\" decoding=\"async\" src=\"https:\/\/grundschule-am-gut.hamburg.de\/wp-content\/uploads\/sites\/232\/2024\/04\/image-3-380x500.jpeg\" height=\"500\" width=\"380\" alt=\"\" class=\"slider-2611 slide-2630 msDefaultImage\" title=\"image\" \/><\/li>\n                <li style=\"display: none; width: 100%;\" class=\"slide-2632 ms-image \" aria-roledescription=\"slide\" data-date=\"2024-04-15 14:29:20\" data-filename=\"IMG_4857-scaled-380x500.jpeg\" data-slide-type=\"image\"><img loading=\"lazy\" decoding=\"async\" src=\"https:\/\/grundschule-am-gut.hamburg.de\/wp-content\/uploads\/sites\/232\/2024\/04\/IMG_4857-scaled-380x500.jpeg\" height=\"500\" width=\"380\" alt=\"\" class=\"slider-2611 slide-2632 msDefaultImage\" title=\"IMG_4857\" \/><\/li>\n                <li style=\"display: none; width: 100%;\" class=\"slide-2634 ms-image \" aria-roledescription=\"slide\" data-date=\"2024-04-15 14:29:39\" data-filename=\"IMG_4876-scaled-380x500.jpeg\" data-slide-type=\"image\"><img loading=\"lazy\" decoding=\"async\" src=\"https:\/\/grundschule-am-gut.hamburg.de\/wp-content\/uploads\/sites\/232\/2024\/04\/IMG_4876-scaled-380x500.jpeg\" height=\"500\" width=\"380\" alt=\"\" class=\"slider-2611 slide-2634 msDefaultImage\" title=\"IMG_4876\" \/><\/li>\n                <li style=\"display: none; width: 100%;\" class=\"slide-2636 ms-image \" aria-roledescription=\"slide\" data-date=\"2024-04-15 14:29:54\" data-filename=\"Projektwoche-DIY-Julia-scaled-380x500.jpeg\" data-slide-type=\"image\"><img loading=\"lazy\" decoding=\"async\" src=\"https:\/\/grundschule-am-gut.hamburg.de\/wp-content\/uploads\/sites\/232\/2024\/04\/Projektwoche-DIY-Julia-scaled-380x500.jpeg\" height=\"500\" width=\"380\" alt=\"\" class=\"slider-2611 slide-2636 msDefaultImage\" title=\"Projektwoche DIY Julia\" \/><\/li>\n            <\/ul>\n        <\/div>\n        \n    <\/div>\n<\/div><\/p>\n<p>&nbsp;<\/p>\n<p style=\"text-align: center\"><span style=\"font-size: 10pt\"><em>Fotografiert von Helena Volic, Julie Merkel und Yeliz \u00dcnl\u00fc<\/em><\/span><\/p>\n<h5 style=\"text-align: center\"><span style=\"font-size: 18pt\">****************************************************************<\/span><\/h5>\n<h5>Impressionen vom Kinder-Koch-Klub<\/h5>\n<p><img loading=\"lazy\" decoding=\"async\" class=\"alignnone size-medium wp-image-2462\" src=\"https:\/\/grundschule-am-gut.hamburg.de\/wp-content\/uploads\/sites\/232\/2023\/12\/k2-195x300.jpg\" alt=\"\" width=\"195\" height=\"300\" srcset=\"https:\/\/grundschule-am-gut.hamburg.de\/wp-content\/uploads\/sites\/232\/2023\/12\/k2-195x300.jpg 195w, https:\/\/grundschule-am-gut.hamburg.de\/wp-content\/uploads\/sites\/232\/2023\/12\/k2.jpg 415w\" sizes=\"auto, (max-width: 195px) 100vw, 195px\" \/> <img loading=\"lazy\" decoding=\"async\" class=\"alignnone size-medium wp-image-2463\" src=\"https:\/\/grundschule-am-gut.hamburg.de\/wp-content\/uploads\/sites\/232\/2023\/12\/k6-209x300.jpg\" alt=\"\" width=\"209\" height=\"300\" srcset=\"https:\/\/grundschule-am-gut.hamburg.de\/wp-content\/uploads\/sites\/232\/2023\/12\/k6-209x300.jpg 209w, https:\/\/grundschule-am-gut.hamburg.de\/wp-content\/uploads\/sites\/232\/2023\/12\/k6.jpg 445w\" sizes=\"auto, (max-width: 209px) 100vw, 209px\" \/> <img loading=\"lazy\" decoding=\"async\" class=\"alignnone size-medium wp-image-2465\" src=\"https:\/\/grundschule-am-gut.hamburg.de\/wp-content\/uploads\/sites\/232\/2023\/12\/image-291x300.jpeg\" alt=\"\" width=\"291\" height=\"300\" srcset=\"https:\/\/grundschule-am-gut.hamburg.de\/wp-content\/uploads\/sites\/232\/2023\/12\/image-291x300.jpeg 291w, https:\/\/grundschule-am-gut.hamburg.de\/wp-content\/uploads\/sites\/232\/2023\/12\/image.jpeg 621w\" sizes=\"auto, (max-width: 291px) 100vw, 291px\" \/> <img loading=\"lazy\" decoding=\"async\" class=\"alignnone wp-image-2464 size-medium\" src=\"https:\/\/grundschule-am-gut.hamburg.de\/wp-content\/uploads\/sites\/232\/2023\/12\/k8-e1703000794368-235x300.jpg\" alt=\"\" width=\"235\" height=\"300\" srcset=\"https:\/\/grundschule-am-gut.hamburg.de\/wp-content\/uploads\/sites\/232\/2023\/12\/k8-e1703000794368-235x300.jpg 235w, https:\/\/grundschule-am-gut.hamburg.de\/wp-content\/uploads\/sites\/232\/2023\/12\/k8-e1703000794368.jpg 352w\" sizes=\"auto, (max-width: 235px) 100vw, 235px\" \/><br \/>\n<span style=\"font-size: 10pt\"><em>Fotos: Helena Volic<\/em><\/span><\/p>\n<h5><\/h5>\n<h5 style=\"text-align: center\"><span style=\"font-size: 18pt\">****************************************************************<\/span><\/h5>\n<h5>Das Gute am Fr\u00fchdienst ist: Der Schnee ist noch frisch und wir k\u00f6nnen die gr\u00f6\u00dften Schneem\u00e4nner bauen!<\/h5>\n<p><img loading=\"lazy\" decoding=\"async\" class=\"alignnone wp-image-2453 size-medium\" src=\"https:\/\/grundschule-am-gut.hamburg.de\/wp-content\/uploads\/sites\/232\/2023\/12\/20231129_075949-scaled-e1701428625580-277x300.jpg\" alt=\"\" width=\"277\" height=\"300\" srcset=\"https:\/\/grundschule-am-gut.hamburg.de\/wp-content\/uploads\/sites\/232\/2023\/12\/20231129_075949-scaled-e1701428625580-277x300.jpg 277w, https:\/\/grundschule-am-gut.hamburg.de\/wp-content\/uploads\/sites\/232\/2023\/12\/20231129_075949-scaled-e1701428625580-945x1024.jpg 945w, https:\/\/grundschule-am-gut.hamburg.de\/wp-content\/uploads\/sites\/232\/2023\/12\/20231129_075949-scaled-e1701428625580-768x832.jpg 768w, https:\/\/grundschule-am-gut.hamburg.de\/wp-content\/uploads\/sites\/232\/2023\/12\/20231129_075949-scaled-e1701428625580-1418x1536.jpg 1418w, https:\/\/grundschule-am-gut.hamburg.de\/wp-content\/uploads\/sites\/232\/2023\/12\/20231129_075949-scaled-e1701428625580.jpg 1772w\" sizes=\"auto, (max-width: 277px) 100vw, 277px\" \/>\u00a0 <img loading=\"lazy\" decoding=\"async\" class=\"alignnone wp-image-2451 size-medium\" src=\"https:\/\/grundschule-am-gut.hamburg.de\/wp-content\/uploads\/sites\/232\/2023\/12\/20231129_074505-scaled-e1701428535614-280x300.jpg\" alt=\"\" width=\"280\" height=\"300\" srcset=\"https:\/\/grundschule-am-gut.hamburg.de\/wp-content\/uploads\/sites\/232\/2023\/12\/20231129_074505-scaled-e1701428535614-280x300.jpg 280w, https:\/\/grundschule-am-gut.hamburg.de\/wp-content\/uploads\/sites\/232\/2023\/12\/20231129_074505-scaled-e1701428535614-957x1024.jpg 957w, https:\/\/grundschule-am-gut.hamburg.de\/wp-content\/uploads\/sites\/232\/2023\/12\/20231129_074505-scaled-e1701428535614-768x822.jpg 768w, https:\/\/grundschule-am-gut.hamburg.de\/wp-content\/uploads\/sites\/232\/2023\/12\/20231129_074505-scaled-e1701428535614-1436x1536.jpg 1436w, https:\/\/grundschule-am-gut.hamburg.de\/wp-content\/uploads\/sites\/232\/2023\/12\/20231129_074505-scaled-e1701428535614-1914x2048.jpg 1914w, https:\/\/grundschule-am-gut.hamburg.de\/wp-content\/uploads\/sites\/232\/2023\/12\/20231129_074505-scaled-e1701428535614.jpg 1920w\" sizes=\"auto, (max-width: 280px) 100vw, 280px\" \/> <img loading=\"lazy\" decoding=\"async\" class=\"alignnone size-medium wp-image-2452\" src=\"https:\/\/grundschule-am-gut.hamburg.de\/wp-content\/uploads\/sites\/232\/2023\/12\/20231129_074523-scaled-e1701428571245-280x300.jpg\" alt=\"\" width=\"280\" height=\"300\" srcset=\"https:\/\/grundschule-am-gut.hamburg.de\/wp-content\/uploads\/sites\/232\/2023\/12\/20231129_074523-scaled-e1701428571245-280x300.jpg 280w, https:\/\/grundschule-am-gut.hamburg.de\/wp-content\/uploads\/sites\/232\/2023\/12\/20231129_074523-scaled-e1701428571245-954x1024.jpg 954w, https:\/\/grundschule-am-gut.hamburg.de\/wp-content\/uploads\/sites\/232\/2023\/12\/20231129_074523-scaled-e1701428571245-768x824.jpg 768w, https:\/\/grundschule-am-gut.hamburg.de\/wp-content\/uploads\/sites\/232\/2023\/12\/20231129_074523-scaled-e1701428571245-1432x1536.jpg 1432w, https:\/\/grundschule-am-gut.hamburg.de\/wp-content\/uploads\/sites\/232\/2023\/12\/20231129_074523-scaled-e1701428571245-1909x2048.jpg 1909w, https:\/\/grundschule-am-gut.hamburg.de\/wp-content\/uploads\/sites\/232\/2023\/12\/20231129_074523-scaled-e1701428571245.jpg 1920w\" sizes=\"auto, (max-width: 280px) 100vw, 280px\" \/><br \/>\n<em><span style=\"font-size: 10pt\">Fotos: S. Goetz<\/span><\/em><\/p>\n<h5 style=\"text-align: center\"><span style=\"font-size: 18pt\">****************************************************************<\/span><\/h5>\n<h5>Eine bunte Mischung: Eindr\u00fccke von der Ferienbetreuung in den Sommerferien 2024<\/h5>\n<p><img loading=\"lazy\" decoding=\"async\" class=\"alignnone size-medium wp-image-2340\" src=\"https:\/\/grundschule-am-gut.hamburg.de\/wp-content\/uploads\/sites\/232\/2023\/08\/20230811_101050-scaled-e1692956810500-300x214.jpg\" alt=\"\" width=\"300\" height=\"214\" srcset=\"https:\/\/grundschule-am-gut.hamburg.de\/wp-content\/uploads\/sites\/232\/2023\/08\/20230811_101050-scaled-e1692956810500-300x214.jpg 300w, https:\/\/grundschule-am-gut.hamburg.de\/wp-content\/uploads\/sites\/232\/2023\/08\/20230811_101050-scaled-e1692956810500-1024x729.jpg 1024w, https:\/\/grundschule-am-gut.hamburg.de\/wp-content\/uploads\/sites\/232\/2023\/08\/20230811_101050-scaled-e1692956810500-768x547.jpg 768w, https:\/\/grundschule-am-gut.hamburg.de\/wp-content\/uploads\/sites\/232\/2023\/08\/20230811_101050-scaled-e1692956810500-1536x1094.jpg 1536w, https:\/\/grundschule-am-gut.hamburg.de\/wp-content\/uploads\/sites\/232\/2023\/08\/20230811_101050-scaled-e1692956810500.jpg 1977w\" sizes=\"auto, (max-width: 300px) 100vw, 300px\" \/> <img loading=\"lazy\" decoding=\"async\" class=\"alignnone wp-image-2343\" src=\"https:\/\/grundschule-am-gut.hamburg.de\/wp-content\/uploads\/sites\/232\/2023\/08\/Helena-8-300x171.jpg\" alt=\"\" width=\"372\" height=\"212\" srcset=\"https:\/\/grundschule-am-gut.hamburg.de\/wp-content\/uploads\/sites\/232\/2023\/08\/Helena-8-300x171.jpg 300w, https:\/\/grundschule-am-gut.hamburg.de\/wp-content\/uploads\/sites\/232\/2023\/08\/Helena-8-768x437.jpg 768w, https:\/\/grundschule-am-gut.hamburg.de\/wp-content\/uploads\/sites\/232\/2023\/08\/Helena-8.jpg 978w\" sizes=\"auto, (max-width: 372px) 100vw, 372px\" \/> <img loading=\"lazy\" decoding=\"async\" class=\"alignnone wp-image-2341\" src=\"https:\/\/grundschule-am-gut.hamburg.de\/wp-content\/uploads\/sites\/232\/2023\/08\/Helena-2-e1692956862386-242x300.jpg\" alt=\"\" width=\"170\" height=\"211\" srcset=\"https:\/\/grundschule-am-gut.hamburg.de\/wp-content\/uploads\/sites\/232\/2023\/08\/Helena-2-e1692956862386-242x300.jpg 242w, https:\/\/grundschule-am-gut.hamburg.de\/wp-content\/uploads\/sites\/232\/2023\/08\/Helena-2-e1692956862386.jpg 420w\" sizes=\"auto, (max-width: 170px) 100vw, 170px\" \/> <img loading=\"lazy\" decoding=\"async\" class=\"alignnone wp-image-2342\" src=\"https:\/\/grundschule-am-gut.hamburg.de\/wp-content\/uploads\/sites\/232\/2023\/08\/Helena-11-300x211.jpg\" alt=\"\" width=\"377\" height=\"265\" srcset=\"https:\/\/grundschule-am-gut.hamburg.de\/wp-content\/uploads\/sites\/232\/2023\/08\/Helena-11-300x211.jpg 300w, https:\/\/grundschule-am-gut.hamburg.de\/wp-content\/uploads\/sites\/232\/2023\/08\/Helena-11-1024x721.jpg 1024w, https:\/\/grundschule-am-gut.hamburg.de\/wp-content\/uploads\/sites\/232\/2023\/08\/Helena-11-768x541.jpg 768w, https:\/\/grundschule-am-gut.hamburg.de\/wp-content\/uploads\/sites\/232\/2023\/08\/Helena-11.jpg 1125w\" sizes=\"auto, (max-width: 377px) 100vw, 377px\" \/> <img loading=\"lazy\" decoding=\"async\" class=\"alignnone wp-image-2346\" src=\"https:\/\/grundschule-am-gut.hamburg.de\/wp-content\/uploads\/sites\/232\/2023\/08\/image-scaled-e1692957090976-300x300.jpeg\" alt=\"\" width=\"263\" height=\"263\" srcset=\"https:\/\/grundschule-am-gut.hamburg.de\/wp-content\/uploads\/sites\/232\/2023\/08\/image-scaled-e1692957090976-300x300.jpeg 300w, https:\/\/grundschule-am-gut.hamburg.de\/wp-content\/uploads\/sites\/232\/2023\/08\/image-scaled-e1692957090976-1021x1024.jpeg 1021w, https:\/\/grundschule-am-gut.hamburg.de\/wp-content\/uploads\/sites\/232\/2023\/08\/image-scaled-e1692957090976-150x150.jpeg 150w, https:\/\/grundschule-am-gut.hamburg.de\/wp-content\/uploads\/sites\/232\/2023\/08\/image-scaled-e1692957090976-768x770.jpeg 768w, https:\/\/grundschule-am-gut.hamburg.de\/wp-content\/uploads\/sites\/232\/2023\/08\/image-scaled-e1692957090976-1531x1536.jpeg 1531w, https:\/\/grundschule-am-gut.hamburg.de\/wp-content\/uploads\/sites\/232\/2023\/08\/image-scaled-e1692957090976-80x80.jpeg 80w, https:\/\/grundschule-am-gut.hamburg.de\/wp-content\/uploads\/sites\/232\/2023\/08\/image-scaled-e1692957090976-320x320.jpeg 320w, https:\/\/grundschule-am-gut.hamburg.de\/wp-content\/uploads\/sites\/232\/2023\/08\/image-scaled-e1692957090976.jpeg 1920w\" sizes=\"auto, (max-width: 263px) 100vw, 263px\" \/> <img loading=\"lazy\" decoding=\"async\" class=\"alignnone wp-image-2344\" src=\"https:\/\/grundschule-am-gut.hamburg.de\/wp-content\/uploads\/sites\/232\/2023\/08\/Helena-7-231x300.jpg\" alt=\"\" width=\"202\" height=\"262\" srcset=\"https:\/\/grundschule-am-gut.hamburg.de\/wp-content\/uploads\/sites\/232\/2023\/08\/Helena-7-231x300.jpg 231w, https:\/\/grundschule-am-gut.hamburg.de\/wp-content\/uploads\/sites\/232\/2023\/08\/Helena-7-789x1024.jpg 789w, https:\/\/grundschule-am-gut.hamburg.de\/wp-content\/uploads\/sites\/232\/2023\/08\/Helena-7-768x997.jpg 768w, https:\/\/grundschule-am-gut.hamburg.de\/wp-content\/uploads\/sites\/232\/2023\/08\/Helena-7.jpg 1125w\" sizes=\"auto, (max-width: 202px) 100vw, 202px\" \/><br \/>\n<em><span style=\"font-size: 10pt\">Fotos: Yeliz \u00dcnl\u00fc, Helena Volic, Tanja Albrecht &amp; Nataliia Slyvinska<\/span><\/em><\/p>\n<h5><\/h5>\n<h5 style=\"text-align: center\"><span style=\"font-size: 18pt\">****************************************************************<\/span><\/h5>\n<h5>Die Kunst der Glasmalerei &#8211; Ein Kursangebot der externen Kursleiterin Gudrun Wey<\/h5>\n<p><img loading=\"lazy\" decoding=\"async\" class=\"alignnone wp-image-2355\" src=\"https:\/\/grundschule-am-gut.hamburg.de\/wp-content\/uploads\/sites\/232\/2023\/08\/IMG_20230522_154139-e1692969068114-300x285.jpg\" alt=\"\" width=\"260\" height=\"247\" srcset=\"https:\/\/grundschule-am-gut.hamburg.de\/wp-content\/uploads\/sites\/232\/2023\/08\/IMG_20230522_154139-e1692969068114-300x285.jpg 300w, https:\/\/grundschule-am-gut.hamburg.de\/wp-content\/uploads\/sites\/232\/2023\/08\/IMG_20230522_154139-e1692969068114-1024x973.jpg 1024w, https:\/\/grundschule-am-gut.hamburg.de\/wp-content\/uploads\/sites\/232\/2023\/08\/IMG_20230522_154139-e1692969068114-768x730.jpg 768w, https:\/\/grundschule-am-gut.hamburg.de\/wp-content\/uploads\/sites\/232\/2023\/08\/IMG_20230522_154139-e1692969068114.jpg 1200w\" sizes=\"auto, (max-width: 260px) 100vw, 260px\" \/> <img loading=\"lazy\" decoding=\"async\" class=\"alignnone wp-image-2356\" src=\"https:\/\/grundschule-am-gut.hamburg.de\/wp-content\/uploads\/sites\/232\/2023\/08\/IMG_20230522_153540-e1692969113155-300x284.jpg\" alt=\"\" width=\"264\" height=\"250\" srcset=\"https:\/\/grundschule-am-gut.hamburg.de\/wp-content\/uploads\/sites\/232\/2023\/08\/IMG_20230522_153540-e1692969113155-300x284.jpg 300w, https:\/\/grundschule-am-gut.hamburg.de\/wp-content\/uploads\/sites\/232\/2023\/08\/IMG_20230522_153540-e1692969113155-1024x969.jpg 1024w, https:\/\/grundschule-am-gut.hamburg.de\/wp-content\/uploads\/sites\/232\/2023\/08\/IMG_20230522_153540-e1692969113155-768x727.jpg 768w, https:\/\/grundschule-am-gut.hamburg.de\/wp-content\/uploads\/sites\/232\/2023\/08\/IMG_20230522_153540-e1692969113155.jpg 1200w\" sizes=\"auto, (max-width: 264px) 100vw, 264px\" \/> <img loading=\"lazy\" decoding=\"async\" class=\"alignnone wp-image-2357\" src=\"https:\/\/grundschule-am-gut.hamburg.de\/wp-content\/uploads\/sites\/232\/2023\/08\/IMG_20230605_160049-e1692969165424-300x253.jpg\" alt=\"\" width=\"300\" height=\"253\" srcset=\"https:\/\/grundschule-am-gut.hamburg.de\/wp-content\/uploads\/sites\/232\/2023\/08\/IMG_20230605_160049-e1692969165424-300x253.jpg 300w, https:\/\/grundschule-am-gut.hamburg.de\/wp-content\/uploads\/sites\/232\/2023\/08\/IMG_20230605_160049-e1692969165424-1024x864.jpg 1024w, https:\/\/grundschule-am-gut.hamburg.de\/wp-content\/uploads\/sites\/232\/2023\/08\/IMG_20230605_160049-e1692969165424-768x648.jpg 768w, https:\/\/grundschule-am-gut.hamburg.de\/wp-content\/uploads\/sites\/232\/2023\/08\/IMG_20230605_160049-e1692969165424.jpg 1200w\" sizes=\"auto, (max-width: 300px) 100vw, 300px\" \/><\/p>\n<h5><\/h5>\n<h5 style=\"text-align: center\"><span style=\"font-size: 18pt\">****************************************************************<\/span><\/h5>\n<h5>Fr\u00fchling in der Vorschule 2023<\/h5>\n<p><img loading=\"lazy\" decoding=\"async\" class=\"alignnone wp-image-2240\" src=\"https:\/\/grundschule-am-gut.hamburg.de\/wp-content\/uploads\/sites\/232\/2023\/05\/20230404_071515-scaled-e1683617666689-300x246.jpg\" alt=\"\" width=\"320\" height=\"262\" srcset=\"https:\/\/grundschule-am-gut.hamburg.de\/wp-content\/uploads\/sites\/232\/2023\/05\/20230404_071515-scaled-e1683617666689-300x246.jpg 300w, https:\/\/grundschule-am-gut.hamburg.de\/wp-content\/uploads\/sites\/232\/2023\/05\/20230404_071515-scaled-e1683617666689-1024x839.jpg 1024w, https:\/\/grundschule-am-gut.hamburg.de\/wp-content\/uploads\/sites\/232\/2023\/05\/20230404_071515-scaled-e1683617666689-768x630.jpg 768w, https:\/\/grundschule-am-gut.hamburg.de\/wp-content\/uploads\/sites\/232\/2023\/05\/20230404_071515-scaled-e1683617666689-1536x1259.jpg 1536w, https:\/\/grundschule-am-gut.hamburg.de\/wp-content\/uploads\/sites\/232\/2023\/05\/20230404_071515-scaled-e1683617666689.jpg 1920w\" sizes=\"auto, (max-width: 320px) 100vw, 320px\" \/> <img loading=\"lazy\" decoding=\"async\" class=\"alignnone wp-image-2241\" src=\"https:\/\/grundschule-am-gut.hamburg.de\/wp-content\/uploads\/sites\/232\/2023\/05\/20230419_142912-225x300.jpg\" alt=\"\" width=\"196\" height=\"261\" srcset=\"https:\/\/grundschule-am-gut.hamburg.de\/wp-content\/uploads\/sites\/232\/2023\/05\/20230419_142912-225x300.jpg 225w, https:\/\/grundschule-am-gut.hamburg.de\/wp-content\/uploads\/sites\/232\/2023\/05\/20230419_142912-768x1024.jpg 768w, https:\/\/grundschule-am-gut.hamburg.de\/wp-content\/uploads\/sites\/232\/2023\/05\/20230419_142912-1152x1536.jpg 1152w, https:\/\/grundschule-am-gut.hamburg.de\/wp-content\/uploads\/sites\/232\/2023\/05\/20230419_142912-1536x2048.jpg 1536w, https:\/\/grundschule-am-gut.hamburg.de\/wp-content\/uploads\/sites\/232\/2023\/05\/20230419_142912-scaled.jpg 1920w\" sizes=\"auto, (max-width: 196px) 100vw, 196px\" \/> <img loading=\"lazy\" decoding=\"async\" class=\"alignnone wp-image-2243 \" src=\"https:\/\/grundschule-am-gut.hamburg.de\/wp-content\/uploads\/sites\/232\/2023\/05\/20230503_135927-scaled-e1683617780271-300x222.jpg\" alt=\"\" width=\"350\" height=\"259\" srcset=\"https:\/\/grundschule-am-gut.hamburg.de\/wp-content\/uploads\/sites\/232\/2023\/05\/20230503_135927-scaled-e1683617780271-300x222.jpg 300w, https:\/\/grundschule-am-gut.hamburg.de\/wp-content\/uploads\/sites\/232\/2023\/05\/20230503_135927-scaled-e1683617780271-1024x757.jpg 1024w, https:\/\/grundschule-am-gut.hamburg.de\/wp-content\/uploads\/sites\/232\/2023\/05\/20230503_135927-scaled-e1683617780271-768x568.jpg 768w, https:\/\/grundschule-am-gut.hamburg.de\/wp-content\/uploads\/sites\/232\/2023\/05\/20230503_135927-scaled-e1683617780271-1536x1136.jpg 1536w, https:\/\/grundschule-am-gut.hamburg.de\/wp-content\/uploads\/sites\/232\/2023\/05\/20230503_135927-scaled-e1683617780271.jpg 1920w\" sizes=\"auto, (max-width: 350px) 100vw, 350px\" \/><br \/>\n<em><span style=\"font-size: 10pt\">Fotos: Tanja Albrecht<\/span><\/em><\/p>\n<p>&nbsp;<\/p>\n<h5 style=\"text-align: center\"><span style=\"font-size: 18pt\">****************************************************************<\/span><\/h5>\n<h5>Eindr\u00fccke aus den Fr\u00fchjahrsferien 2023<\/h5>\n<p>Basteln und Spielen<br \/>\n<img loading=\"lazy\" decoding=\"async\" class=\"alignnone wp-image-2225\" src=\"https:\/\/grundschule-am-gut.hamburg.de\/wp-content\/uploads\/sites\/232\/2023\/03\/Bildschirmfoto-2023-03-31-um-09.55.31-300x276.png\" alt=\"\" width=\"323\" height=\"297\" srcset=\"https:\/\/grundschule-am-gut.hamburg.de\/wp-content\/uploads\/sites\/232\/2023\/03\/Bildschirmfoto-2023-03-31-um-09.55.31-300x276.png 300w, https:\/\/grundschule-am-gut.hamburg.de\/wp-content\/uploads\/sites\/232\/2023\/03\/Bildschirmfoto-2023-03-31-um-09.55.31-1024x942.png 1024w, https:\/\/grundschule-am-gut.hamburg.de\/wp-content\/uploads\/sites\/232\/2023\/03\/Bildschirmfoto-2023-03-31-um-09.55.31-768x706.png 768w, https:\/\/grundschule-am-gut.hamburg.de\/wp-content\/uploads\/sites\/232\/2023\/03\/Bildschirmfoto-2023-03-31-um-09.55.31-1536x1413.png 1536w, https:\/\/grundschule-am-gut.hamburg.de\/wp-content\/uploads\/sites\/232\/2023\/03\/Bildschirmfoto-2023-03-31-um-09.55.31.png 1794w\" sizes=\"auto, (max-width: 323px) 100vw, 323px\" \/> <img loading=\"lazy\" decoding=\"async\" class=\"alignnone size-medium wp-image-2226\" src=\"https:\/\/grundschule-am-gut.hamburg.de\/wp-content\/uploads\/sites\/232\/2023\/03\/Bildschirmfoto-2023-03-31-um-09.56.50-300x298.png\" alt=\"\" width=\"300\" height=\"298\" srcset=\"https:\/\/grundschule-am-gut.hamburg.de\/wp-content\/uploads\/sites\/232\/2023\/03\/Bildschirmfoto-2023-03-31-um-09.56.50-300x298.png 300w, https:\/\/grundschule-am-gut.hamburg.de\/wp-content\/uploads\/sites\/232\/2023\/03\/Bildschirmfoto-2023-03-31-um-09.56.50-1024x1017.png 1024w, https:\/\/grundschule-am-gut.hamburg.de\/wp-content\/uploads\/sites\/232\/2023\/03\/Bildschirmfoto-2023-03-31-um-09.56.50-150x150.png 150w, https:\/\/grundschule-am-gut.hamburg.de\/wp-content\/uploads\/sites\/232\/2023\/03\/Bildschirmfoto-2023-03-31-um-09.56.50-768x763.png 768w, https:\/\/grundschule-am-gut.hamburg.de\/wp-content\/uploads\/sites\/232\/2023\/03\/Bildschirmfoto-2023-03-31-um-09.56.50-80x80.png 80w, https:\/\/grundschule-am-gut.hamburg.de\/wp-content\/uploads\/sites\/232\/2023\/03\/Bildschirmfoto-2023-03-31-um-09.56.50.png 1230w\" sizes=\"auto, (max-width: 300px) 100vw, 300px\" \/> <img loading=\"lazy\" decoding=\"async\" class=\"alignnone size-medium wp-image-2227\" src=\"https:\/\/grundschule-am-gut.hamburg.de\/wp-content\/uploads\/sites\/232\/2023\/03\/Bildschirmfoto-2023-03-31-um-09.58.49-282x300.png\" alt=\"\" width=\"282\" height=\"300\" srcset=\"https:\/\/grundschule-am-gut.hamburg.de\/wp-content\/uploads\/sites\/232\/2023\/03\/Bildschirmfoto-2023-03-31-um-09.58.49-282x300.png 282w, https:\/\/grundschule-am-gut.hamburg.de\/wp-content\/uploads\/sites\/232\/2023\/03\/Bildschirmfoto-2023-03-31-um-09.58.49-963x1024.png 963w, https:\/\/grundschule-am-gut.hamburg.de\/wp-content\/uploads\/sites\/232\/2023\/03\/Bildschirmfoto-2023-03-31-um-09.58.49-768x817.png 768w, https:\/\/grundschule-am-gut.hamburg.de\/wp-content\/uploads\/sites\/232\/2023\/03\/Bildschirmfoto-2023-03-31-um-09.58.49.png 1196w\" sizes=\"auto, (max-width: 282px) 100vw, 282px\" \/><\/p>\n<p>Besuch im Tierheim<br \/>\n<img loading=\"lazy\" decoding=\"async\" class=\"alignnone wp-image-2229\" src=\"https:\/\/grundschule-am-gut.hamburg.de\/wp-content\/uploads\/sites\/232\/2023\/03\/Bildschirmfoto-2023-03-31-um-10.01.30-300x200.png\" alt=\"\" width=\"380\" height=\"253\" srcset=\"https:\/\/grundschule-am-gut.hamburg.de\/wp-content\/uploads\/sites\/232\/2023\/03\/Bildschirmfoto-2023-03-31-um-10.01.30-300x200.png 300w, https:\/\/grundschule-am-gut.hamburg.de\/wp-content\/uploads\/sites\/232\/2023\/03\/Bildschirmfoto-2023-03-31-um-10.01.30-1024x681.png 1024w, https:\/\/grundschule-am-gut.hamburg.de\/wp-content\/uploads\/sites\/232\/2023\/03\/Bildschirmfoto-2023-03-31-um-10.01.30-768x511.png 768w, https:\/\/grundschule-am-gut.hamburg.de\/wp-content\/uploads\/sites\/232\/2023\/03\/Bildschirmfoto-2023-03-31-um-10.01.30-1536x1022.png 1536w, https:\/\/grundschule-am-gut.hamburg.de\/wp-content\/uploads\/sites\/232\/2023\/03\/Bildschirmfoto-2023-03-31-um-10.01.30.png 1864w\" sizes=\"auto, (max-width: 380px) 100vw, 380px\" \/>\u00a0<img loading=\"lazy\" decoding=\"async\" class=\"alignnone wp-image-2230\" src=\"https:\/\/grundschule-am-gut.hamburg.de\/wp-content\/uploads\/sites\/232\/2023\/03\/Bildschirmfoto-2023-03-31-um-10.03.06-221x300.png\" alt=\"\" width=\"185\" height=\"251\" srcset=\"https:\/\/grundschule-am-gut.hamburg.de\/wp-content\/uploads\/sites\/232\/2023\/03\/Bildschirmfoto-2023-03-31-um-10.03.06-221x300.png 221w, https:\/\/grundschule-am-gut.hamburg.de\/wp-content\/uploads\/sites\/232\/2023\/03\/Bildschirmfoto-2023-03-31-um-10.03.06.png 702w\" sizes=\"auto, (max-width: 185px) 100vw, 185px\" \/>\u00a0<img loading=\"lazy\" decoding=\"async\" class=\"alignnone wp-image-2231\" src=\"https:\/\/grundschule-am-gut.hamburg.de\/wp-content\/uploads\/sites\/232\/2023\/03\/Bildschirmfoto-2023-03-31-um-10.03.49-300x210.png\" alt=\"\" width=\"357\" height=\"250\" srcset=\"https:\/\/grundschule-am-gut.hamburg.de\/wp-content\/uploads\/sites\/232\/2023\/03\/Bildschirmfoto-2023-03-31-um-10.03.49-300x210.png 300w, https:\/\/grundschule-am-gut.hamburg.de\/wp-content\/uploads\/sites\/232\/2023\/03\/Bildschirmfoto-2023-03-31-um-10.03.49-1024x717.png 1024w, https:\/\/grundschule-am-gut.hamburg.de\/wp-content\/uploads\/sites\/232\/2023\/03\/Bildschirmfoto-2023-03-31-um-10.03.49-768x538.png 768w, https:\/\/grundschule-am-gut.hamburg.de\/wp-content\/uploads\/sites\/232\/2023\/03\/Bildschirmfoto-2023-03-31-um-10.03.49-1536x1076.png 1536w, https:\/\/grundschule-am-gut.hamburg.de\/wp-content\/uploads\/sites\/232\/2023\/03\/Bildschirmfoto-2023-03-31-um-10.03.49-2048x1435.png 2048w\" sizes=\"auto, (max-width: 357px) 100vw, 357px\" \/><br \/>\n<em><span style=\"font-size: 10pt\">Fotos: Tanja Albrecht, Yeliz \u00dcnl\u00fc, Dennis Kirchner, Khalil Nawrozi und Britta Rodefeld<\/span><\/em><\/p>\n<h5 style=\"text-align: center\"><span style=\"font-size: 18pt\">****************************************************************<\/span><\/h5>\n<h5><i>Vorfreude auf Fasching in der Vorschule!<\/i><\/h5>\n<p><img loading=\"lazy\" decoding=\"async\" class=\"alignnone size-medium wp-image-2209\" src=\"https:\/\/grundschule-am-gut.hamburg.de\/wp-content\/uploads\/sites\/232\/2023\/03\/20230206_134047-scaled-e1677748669239-270x300.jpg\" alt=\"\" width=\"270\" height=\"300\" srcset=\"https:\/\/grundschule-am-gut.hamburg.de\/wp-content\/uploads\/sites\/232\/2023\/03\/20230206_134047-scaled-e1677748669239-270x300.jpg 270w, https:\/\/grundschule-am-gut.hamburg.de\/wp-content\/uploads\/sites\/232\/2023\/03\/20230206_134047-scaled-e1677748669239-923x1024.jpg 923w, https:\/\/grundschule-am-gut.hamburg.de\/wp-content\/uploads\/sites\/232\/2023\/03\/20230206_134047-scaled-e1677748669239-768x852.jpg 768w, https:\/\/grundschule-am-gut.hamburg.de\/wp-content\/uploads\/sites\/232\/2023\/03\/20230206_134047-scaled-e1677748669239-1385x1536.jpg 1385w, https:\/\/grundschule-am-gut.hamburg.de\/wp-content\/uploads\/sites\/232\/2023\/03\/20230206_134047-scaled-e1677748669239.jpg 1702w\" sizes=\"auto, (max-width: 270px) 100vw, 270px\" \/> <img loading=\"lazy\" decoding=\"async\" class=\"alignnone size-medium wp-image-2210\" src=\"https:\/\/grundschule-am-gut.hamburg.de\/wp-content\/uploads\/sites\/232\/2023\/03\/20230208_142047-scaled-e1677748718708-292x300.jpg\" alt=\"\" width=\"292\" height=\"300\" srcset=\"https:\/\/grundschule-am-gut.hamburg.de\/wp-content\/uploads\/sites\/232\/2023\/03\/20230208_142047-scaled-e1677748718708-292x300.jpg 292w, https:\/\/grundschule-am-gut.hamburg.de\/wp-content\/uploads\/sites\/232\/2023\/03\/20230208_142047-scaled-e1677748718708-998x1024.jpg 998w, https:\/\/grundschule-am-gut.hamburg.de\/wp-content\/uploads\/sites\/232\/2023\/03\/20230208_142047-scaled-e1677748718708-768x788.jpg 768w, https:\/\/grundschule-am-gut.hamburg.de\/wp-content\/uploads\/sites\/232\/2023\/03\/20230208_142047-scaled-e1677748718708-1496x1536.jpg 1496w, https:\/\/grundschule-am-gut.hamburg.de\/wp-content\/uploads\/sites\/232\/2023\/03\/20230208_142047-scaled-e1677748718708.jpg 1702w\" sizes=\"auto, (max-width: 292px) 100vw, 292px\" \/> <img loading=\"lazy\" decoding=\"async\" class=\"alignnone wp-image-2211\" src=\"https:\/\/grundschule-am-gut.hamburg.de\/wp-content\/uploads\/sites\/232\/2023\/03\/20230215_135908-scaled-e1677748827881-300x263.jpg\" alt=\"\" width=\"340\" height=\"298\" srcset=\"https:\/\/grundschule-am-gut.hamburg.de\/wp-content\/uploads\/sites\/232\/2023\/03\/20230215_135908-scaled-e1677748827881-300x263.jpg 300w, https:\/\/grundschule-am-gut.hamburg.de\/wp-content\/uploads\/sites\/232\/2023\/03\/20230215_135908-scaled-e1677748827881-1024x898.jpg 1024w, https:\/\/grundschule-am-gut.hamburg.de\/wp-content\/uploads\/sites\/232\/2023\/03\/20230215_135908-scaled-e1677748827881-768x673.jpg 768w, https:\/\/grundschule-am-gut.hamburg.de\/wp-content\/uploads\/sites\/232\/2023\/03\/20230215_135908-scaled-e1677748827881-1536x1346.jpg 1536w, https:\/\/grundschule-am-gut.hamburg.de\/wp-content\/uploads\/sites\/232\/2023\/03\/20230215_135908-scaled-e1677748827881.jpg 1920w\" sizes=\"auto, (max-width: 340px) 100vw, 340px\" \/><br \/>\n<span style=\"font-size: 10pt\"><em>Fotos: Tanja Albrecht<\/em><\/span><\/p>\n<h5 style=\"text-align: center\"><\/h5>\n","protected":false},"excerpt":{"rendered":"<p>Internationaler Tag der KInderrechte Am 20. November stand die Grundschule am Gut ganz im Zeichen der Kinderrechte. Im Rahmen der Nachmittagsbetreuung organisierten wir einen abwechslungsreichen Aktionstag, der die Wichtigkeit der Rechte unserer Kinder eindrucksvoll&#46;&#46;&#46;<\/p>\n","protected":false},"author":728,"featured_media":0,"parent":0,"menu_order":0,"comment_status":"closed","ping_status":"closed","template":"","meta":{"_acf_changed":false,"footnotes":""},"class_list":["post-1837","page","type-page","status-publish","hentry"],"acf":[],"_links":{"self":[{"href":"https:\/\/grundschule-am-gut.hamburg.de\/index.php?rest_route=\/wp\/v2\/pages\/1837","targetHints":{"allow":["GET"]}}],"collection":[{"href":"https:\/\/grundschule-am-gut.hamburg.de\/index.php?rest_route=\/wp\/v2\/pages"}],"about":[{"href":"https:\/\/grundschule-am-gut.hamburg.de\/index.php?rest_route=\/wp\/v2\/types\/page"}],"author":[{"embeddable":true,"href":"https:\/\/grundschule-am-gut.hamburg.de\/index.php?rest_route=\/wp\/v2\/users\/728"}],"replies":[{"embeddable":true,"href":"https:\/\/grundschule-am-gut.hamburg.de\/index.php?rest_route=%2Fwp%2Fv2%2Fcomments&post=1837"}],"version-history":[{"count":112,"href":"https:\/\/grundschule-am-gut.hamburg.de\/index.php?rest_route=\/wp\/v2\/pages\/1837\/revisions"}],"predecessor-version":[{"id":1847,"href":"https:\/\/grundschule-am-gut.hamburg.de\/index.php?rest_route=\/wp\/v2\/pages\/1837\/revisions\/1847"}],"wp:attachment":[{"href":"https:\/\/grundschule-am-gut.hamburg.de\/index.php?rest_route=%2Fwp%2Fv2%2Fmedia&parent=1837"}],"curies":[{"name":"wp","href":"https:\/\/api.w.org\/{rel}","templated":true}]}}